{"id":13105,"date":"2022-12-30T15:18:47","date_gmt":"2022-12-30T15:18:47","guid":{"rendered":"https:\/\/www.diasporaportuguesa.org\/perfil\/sergio-pimenta\/"},"modified":"2025-11-04T12:31:10","modified_gmt":"2025-11-04T12:31:10","slug":"sergio-pimenta","status":"publish","type":"perfis","link":"https:\/\/www.diasporaportuguesa.org\/en\/profile\/sergio-pimenta\/","title":{"rendered":"S\u00e9rgio Pimenta"},"content":{"rendered":"\n<p>S\u00e9rgio Pimenta is Vice-President of International Finance Corporation (IFC) for the Middle East and Africa, overseeing all investment and advisory operations in a region with more than 600 staff.<\/p>\n\n\n\n<p>He was previously Global Director for Manufacturing, Agribusiness, and Services, and Regional Director for East Asia and the Pacific at IFC, based in Hong Kong. Prior to joining the World Bank Group through its Young Professionals Program in 1996, S\u00e9rgio Pimenta worked for the Treasury Department of the French Ministry of Finance, and for Banque Nationale de Paris (BNP) in Paris.<\/p>\n\n\n\n<p>He holds an engineering degree from the \u00c9cole Polytechnique, Paris, and a post-graduate degree from the \u00c9cole Nationale des Ponts et Chauss\u00e9es, Paris.<\/p>\n\n\n\n<p>S\u00e9rgio Pimenta is a member of the Portuguese Diaspora Council since 2018.<\/p>\n","protected":false},"author":1,"featured_media":12957,"template":"","meta":[],"grupo":[281],"acf":[],"yoast_head":"<!-- This site is optimized with the Yoast SEO plugin v21.3 - https:\/\/yoast.com\/wordpress\/plugins\/seo\/ -->\n<title>S\u00e9rgio Pimenta - Conselho da Di\u00e1spora Portuguesa<\/title>\n<meta name=\"description\" content=\"Get to know S\u00e9rgio Pimenta&#039;s profile.\" \/>\n<meta name=\"robots\" content=\"index, follow, max-snippet:-1, max-image-preview:large, max-video-preview:-1\" \/>\n<link rel=\"canonical\" href=\"https:\/\/www.diasporaportuguesa.org\/en\/profile\/sergio-pimenta\/\" \/>\n<meta property=\"og:locale\" content=\"en_US\" \/>\n<meta property=\"og:type\" content=\"article\" \/>\n<meta property=\"og:title\" content=\"S\u00e9rgio Pimenta - Conselho da Di\u00e1spora Portuguesa\" \/>\n<meta property=\"og:description\" content=\"Get to know S\u00e9rgio Pimenta&#039;s profile.\" \/>\n<meta property=\"og:url\" content=\"https:\/\/www.diasporaportuguesa.org\/en\/profile\/sergio-pimenta\/\" \/>\n<meta property=\"og:site_name\" content=\"Conselho da Di\u00e1spora Portuguesa\" \/>\n<meta property=\"article:modified_time\" content=\"2025-11-04T12:31:10+00:00\" \/>\n<meta property=\"og:image\" content=\"https:\/\/www.diasporaportuguesa.org\/wp-content\/uploads\/2022\/12\/XlZxYSST-1.jpeg\" \/>\n\t<meta property=\"og:image:width\" content=\"690\" \/>\n\t<meta property=\"og:image:height\" content=\"690\" \/>\n\t<meta property=\"og:image:type\" content=\"image\/jpeg\" \/>\n<meta name=\"twitter:card\" content=\"summary_large_image\" \/>\n<meta name=\"twitter:site\" content=\"@CdDiaspora\" \/>\n<meta name=\"twitter:label1\" content=\"Est. reading time\" \/>\n\t<meta name=\"twitter:data1\" content=\"1 minute\" \/>\n<script type=\"application\/ld+json\" class=\"yoast-schema-graph\">{\"@context\":\"https:\/\/schema.org\",\"@graph\":[{\"@type\":\"WebPage\",\"@id\":\"https:\/\/www.diasporaportuguesa.org\/en\/profile\/sergio-pimenta\/\",\"url\":\"https:\/\/www.diasporaportuguesa.org\/en\/profile\/sergio-pimenta\/\",\"name\":\"S\u00e9rgio Pimenta - Conselho da Di\u00e1spora Portuguesa\",\"isPartOf\":{\"@id\":\"https:\/\/www.diasporaportuguesa.org\/#website\"},\"datePublished\":\"2022-12-30T15:18:47+00:00\",\"dateModified\":\"2025-11-04T12:31:10+00:00\",\"description\":\"Get to know S\u00e9rgio Pimenta's profile.\",\"breadcrumb\":{\"@id\":\"https:\/\/www.diasporaportuguesa.org\/en\/profile\/sergio-pimenta\/#breadcrumb\"},\"inLanguage\":\"en-US\",\"potentialAction\":[{\"@type\":\"ReadAction\",\"target\":[\"https:\/\/www.diasporaportuguesa.org\/en\/profile\/sergio-pimenta\/\"]}]},{\"@type\":\"BreadcrumbList\",\"@id\":\"https:\/\/www.diasporaportuguesa.org\/en\/profile\/sergio-pimenta\/#breadcrumb\",\"itemListElement\":[{\"@type\":\"ListItem\",\"position\":1,\"name\":\"In\u00edcio\",\"item\":\"https:\/\/www.diasporaportuguesa.org\/en\/\"},{\"@type\":\"ListItem\",\"position\":2,\"name\":\"S\u00e9rgio Pimenta\"}]},{\"@type\":\"WebSite\",\"@id\":\"https:\/\/www.diasporaportuguesa.org\/#website\",\"url\":\"https:\/\/www.diasporaportuguesa.org\/\",\"name\":\"Conselho da Di\u00e1spora Portuguesa\",\"description\":\"Conselho da Di\u00e1spora Portuguesa\",\"publisher\":{\"@id\":\"https:\/\/www.diasporaportuguesa.org\/#organization\"},\"potentialAction\":[{\"@type\":\"SearchAction\",\"target\":{\"@type\":\"EntryPoint\",\"urlTemplate\":\"https:\/\/www.diasporaportuguesa.org\/?s={search_term_string}\"},\"query-input\":\"required name=search_term_string\"}],\"inLanguage\":\"en-US\"},{\"@type\":\"Organization\",\"@id\":\"https:\/\/www.diasporaportuguesa.org\/#organization\",\"name\":\"Conselho da Di\u00e1spora Portuguesa\",\"url\":\"https:\/\/www.diasporaportuguesa.org\/\",\"logo\":{\"@type\":\"ImageObject\",\"inLanguage\":\"en-US\",\"@id\":\"https:\/\/www.diasporaportuguesa.org\/#\/schema\/logo\/image\/\",\"url\":\"https:\/\/www.diasporaportuguesa.org\/wp-content\/uploads\/2022\/11\/conselho-diaspora-portuguesa.png\",\"contentUrl\":\"https:\/\/www.diasporaportuguesa.org\/wp-content\/uploads\/2022\/11\/conselho-diaspora-portuguesa.png\",\"width\":735,\"height\":216,\"caption\":\"Conselho da Di\u00e1spora Portuguesa\"},\"image\":{\"@id\":\"https:\/\/www.diasporaportuguesa.org\/#\/schema\/logo\/image\/\"},\"sameAs\":[\"https:\/\/twitter.com\/CdDiaspora\",\"https:\/\/www.linkedin.com\/company\/conselho-da-diaspora-portuguesa\/\",\"https:\/\/www.youtube.com\/channel\/UCEI8qERhtqzV1UgdITBo6rw\/videos\"]}]}<\/script>\n<!-- \/ Yoast SEO plugin. -->","yoast_head_json":{"title":"S\u00e9rgio Pimenta - Conselho da Di\u00e1spora Portuguesa","description":"Get to know S\u00e9rgio Pimenta's profile.","robots":{"index":"index","follow":"follow","max-snippet":"max-snippet:-1","max-image-preview":"max-image-preview:large","max-video-preview":"max-video-preview:-1"},"canonical":"https:\/\/www.diasporaportuguesa.org\/en\/profile\/sergio-pimenta\/","og_locale":"en_US","og_type":"article","og_title":"S\u00e9rgio Pimenta - Conselho da Di\u00e1spora Portuguesa","og_description":"Get to know S\u00e9rgio Pimenta's profile.","og_url":"https:\/\/www.diasporaportuguesa.org\/en\/profile\/sergio-pimenta\/","og_site_name":"Conselho da Di\u00e1spora Portuguesa","article_modified_time":"2025-11-04T12:31:10+00:00","og_image":[{"width":690,"height":690,"url":"https:\/\/www.diasporaportuguesa.org\/wp-content\/uploads\/2022\/12\/XlZxYSST-1.jpeg","type":"image\/jpeg"}],"twitter_card":"summary_large_image","twitter_site":"@CdDiaspora","twitter_misc":{"Est. reading time":"1 minute"},"schema":{"@context":"https:\/\/schema.org","@graph":[{"@type":"WebPage","@id":"https:\/\/www.diasporaportuguesa.org\/en\/profile\/sergio-pimenta\/","url":"https:\/\/www.diasporaportuguesa.org\/en\/profile\/sergio-pimenta\/","name":"S\u00e9rgio Pimenta - Conselho da Di\u00e1spora Portuguesa","isPartOf":{"@id":"https:\/\/www.diasporaportuguesa.org\/#website"},"datePublished":"2022-12-30T15:18:47+00:00","dateModified":"2025-11-04T12:31:10+00:00","description":"Get to know S\u00e9rgio Pimenta's profile.","breadcrumb":{"@id":"https:\/\/www.diasporaportuguesa.org\/en\/profile\/sergio-pimenta\/#breadcrumb"},"inLanguage":"en-US","potentialAction":[{"@type":"ReadAction","target":["https:\/\/www.diasporaportuguesa.org\/en\/profile\/sergio-pimenta\/"]}]},{"@type":"BreadcrumbList","@id":"https:\/\/www.diasporaportuguesa.org\/en\/profile\/sergio-pimenta\/#breadcrumb","itemListElement":[{"@type":"ListItem","position":1,"name":"In\u00edcio","item":"https:\/\/www.diasporaportuguesa.org\/en\/"},{"@type":"ListItem","position":2,"name":"S\u00e9rgio Pimenta"}]},{"@type":"WebSite","@id":"https:\/\/www.diasporaportuguesa.org\/#website","url":"https:\/\/www.diasporaportuguesa.org\/","name":"Conselho da Di\u00e1spora Portuguesa","description":"Conselho da Di\u00e1spora Portuguesa","publisher":{"@id":"https:\/\/www.diasporaportuguesa.org\/#organization"},"potentialAction":[{"@type":"SearchAction","target":{"@type":"EntryPoint","urlTemplate":"https:\/\/www.diasporaportuguesa.org\/?s={search_term_string}"},"query-input":"required name=search_term_string"}],"inLanguage":"en-US"},{"@type":"Organization","@id":"https:\/\/www.diasporaportuguesa.org\/#organization","name":"Conselho da Di\u00e1spora Portuguesa","url":"https:\/\/www.diasporaportuguesa.org\/","logo":{"@type":"ImageObject","inLanguage":"en-US","@id":"https:\/\/www.diasporaportuguesa.org\/#\/schema\/logo\/image\/","url":"https:\/\/www.diasporaportuguesa.org\/wp-content\/uploads\/2022\/11\/conselho-diaspora-portuguesa.png","contentUrl":"https:\/\/www.diasporaportuguesa.org\/wp-content\/uploads\/2022\/11\/conselho-diaspora-portuguesa.png","width":735,"height":216,"caption":"Conselho da Di\u00e1spora Portuguesa"},"image":{"@id":"https:\/\/www.diasporaportuguesa.org\/#\/schema\/logo\/image\/"},"sameAs":["https:\/\/twitter.com\/CdDiaspora","https:\/\/www.linkedin.com\/company\/conselho-da-diaspora-portuguesa\/","https:\/\/www.youtube.com\/channel\/UCEI8qERhtqzV1UgdITBo6rw\/videos"]}]}},"_links":{"self":[{"href":"https:\/\/www.diasporaportuguesa.org\/en\/wp-json\/wp\/v2\/perfis\/13105"}],"collection":[{"href":"https:\/\/www.diasporaportuguesa.org\/en\/wp-json\/wp\/v2\/perfis"}],"about":[{"href":"https:\/\/www.diasporaportuguesa.org\/en\/wp-json\/wp\/v2\/types\/perfis"}],"author":[{"embeddable":true,"href":"https:\/\/www.diasporaportuguesa.org\/en\/wp-json\/wp\/v2\/users\/1"}],"wp:featuredmedia":[{"embeddable":true,"href":"https:\/\/www.diasporaportuguesa.org\/en\/wp-json\/wp\/v2\/media\/12957"}],"wp:attachment":[{"href":"https:\/\/www.diasporaportuguesa.org\/en\/wp-json\/wp\/v2\/media?parent=13105"}],"wp:term":[{"taxonomy":"grupo","embeddable":true,"href":"https:\/\/www.diasporaportuguesa.org\/en\/wp-json\/wp\/v2\/grupo?post=13105"}],"curies":[{"name":"wp","href":"https:\/\/api.w.org\/{rel}","templated":true}]}}