{"id":13151,"date":"2022-12-30T13:13:12","date_gmt":"2022-12-30T13:13:12","guid":{"rendered":"https:\/\/www.diasporaportuguesa.org\/perfil\/jose-f-moura\/"},"modified":"2025-11-04T12:20:44","modified_gmt":"2025-11-04T12:20:44","slug":"jose-f-moura","status":"publish","type":"perfis","link":"https:\/\/www.diasporaportuguesa.org\/en\/profile\/jose-f-moura\/","title":{"rendered":"Jos\u00e9 F. Moura"},"content":{"rendered":"\n<p>Jos\u00e9 F. Moura is a member of the National Academy of Engineering in the USA, and Philip L. and Marsha Dowd University Professor in Carnegie Mellon University (CMU), a title given to the members of the academic staff with national or international exceptional distinction, and Professor in the Department of Biomedical Engineering in CMU.<\/p>\n\n\n\n<p>Jos\u00e9 F. Moura is also Director of the Institute of Communication and Technology Information (ICTI) and a co-founder and co-director in the Research Center of Sensitive Critical Infrastructures (CenSCIR).<\/p>\n\n\n\n<p>Before joining CMU in 1986, he was a professor in Instituto Superior T\u00e9cnico and in the School of Engineer of Technical University of Lisbon, in Portugal.<\/p>\n\n\n\n<p>Jos\u00e9 F. Moura also had diverse positions at MIT: in 1984-86 as Genrad Associate Professor of Electrotechnical and Informatics Engineer; between 1999-2000 and 2006-2007 as visiting professor of in Electrical Engineer. He was also a visiting research student in University of South California, in the summers of 1979-1981. He received his PhD in Electric Engineer and Computer Science for the MIT, where he also completed is master degree in Electric Engineer. He has a degree in Electrotechnical Engineer for the IST-Lisbon.<\/p>\n\n\n\n<p>He is a member of the Portuguese Diaspora Council since April 2017.<\/p>\n","protected":false},"author":1,"featured_media":12815,"template":"","meta":[],"grupo":[281],"acf":[],"yoast_head":"<!-- This site is optimized with the Yoast SEO plugin v21.3 - https:\/\/yoast.com\/wordpress\/plugins\/seo\/ -->\n<title>Jos\u00e9 F. Moura - Conselho da Di\u00e1spora Portuguesa<\/title>\n<meta name=\"description\" content=\"Get to know Jos\u00e9 F. Moura&#039;s profile.\" \/>\n<meta name=\"robots\" content=\"index, follow, max-snippet:-1, max-image-preview:large, max-video-preview:-1\" \/>\n<link rel=\"canonical\" href=\"https:\/\/www.diasporaportuguesa.org\/en\/profile\/jose-f-moura\/\" \/>\n<meta property=\"og:locale\" content=\"en_US\" \/>\n<meta property=\"og:type\" content=\"article\" \/>\n<meta property=\"og:title\" content=\"Jos\u00e9 F. Moura - Conselho da Di\u00e1spora Portuguesa\" \/>\n<meta property=\"og:description\" content=\"Get to know Jos\u00e9 F. Moura&#039;s profile.\" \/>\n<meta property=\"og:url\" content=\"https:\/\/www.diasporaportuguesa.org\/en\/profile\/jose-f-moura\/\" \/>\n<meta property=\"og:site_name\" content=\"Conselho da Di\u00e1spora Portuguesa\" \/>\n<meta property=\"article:modified_time\" content=\"2025-11-04T12:20:44+00:00\" \/>\n<meta property=\"og:image\" content=\"https:\/\/www.diasporaportuguesa.org\/wp-content\/uploads\/2022\/12\/9qo9NGgg-1.jpeg\" \/>\n\t<meta property=\"og:image:width\" content=\"690\" \/>\n\t<meta property=\"og:image:height\" content=\"690\" \/>\n\t<meta property=\"og:image:type\" content=\"image\/jpeg\" \/>\n<meta name=\"twitter:card\" content=\"summary_large_image\" \/>\n<meta name=\"twitter:site\" content=\"@CdDiaspora\" \/>\n<meta name=\"twitter:label1\" content=\"Est. reading time\" \/>\n\t<meta name=\"twitter:data1\" content=\"2 minutes\" \/>\n<script type=\"application\/ld+json\" class=\"yoast-schema-graph\">{\"@context\":\"https:\/\/schema.org\",\"@graph\":[{\"@type\":\"WebPage\",\"@id\":\"https:\/\/www.diasporaportuguesa.org\/en\/profile\/jose-f-moura\/\",\"url\":\"https:\/\/www.diasporaportuguesa.org\/en\/profile\/jose-f-moura\/\",\"name\":\"Jos\u00e9 F. Moura - Conselho da Di\u00e1spora Portuguesa\",\"isPartOf\":{\"@id\":\"https:\/\/www.diasporaportuguesa.org\/#website\"},\"datePublished\":\"2022-12-30T13:13:12+00:00\",\"dateModified\":\"2025-11-04T12:20:44+00:00\",\"description\":\"Get to know Jos\u00e9 F. Moura's profile.\",\"breadcrumb\":{\"@id\":\"https:\/\/www.diasporaportuguesa.org\/en\/profile\/jose-f-moura\/#breadcrumb\"},\"inLanguage\":\"en-US\",\"potentialAction\":[{\"@type\":\"ReadAction\",\"target\":[\"https:\/\/www.diasporaportuguesa.org\/en\/profile\/jose-f-moura\/\"]}]},{\"@type\":\"BreadcrumbList\",\"@id\":\"https:\/\/www.diasporaportuguesa.org\/en\/profile\/jose-f-moura\/#breadcrumb\",\"itemListElement\":[{\"@type\":\"ListItem\",\"position\":1,\"name\":\"In\u00edcio\",\"item\":\"https:\/\/www.diasporaportuguesa.org\/en\/\"},{\"@type\":\"ListItem\",\"position\":2,\"name\":\"Jos\u00e9 F. Moura\"}]},{\"@type\":\"WebSite\",\"@id\":\"https:\/\/www.diasporaportuguesa.org\/#website\",\"url\":\"https:\/\/www.diasporaportuguesa.org\/\",\"name\":\"Conselho da Di\u00e1spora Portuguesa\",\"description\":\"Conselho da Di\u00e1spora Portuguesa\",\"publisher\":{\"@id\":\"https:\/\/www.diasporaportuguesa.org\/#organization\"},\"potentialAction\":[{\"@type\":\"SearchAction\",\"target\":{\"@type\":\"EntryPoint\",\"urlTemplate\":\"https:\/\/www.diasporaportuguesa.org\/?s={search_term_string}\"},\"query-input\":\"required name=search_term_string\"}],\"inLanguage\":\"en-US\"},{\"@type\":\"Organization\",\"@id\":\"https:\/\/www.diasporaportuguesa.org\/#organization\",\"name\":\"Conselho da Di\u00e1spora Portuguesa\",\"url\":\"https:\/\/www.diasporaportuguesa.org\/\",\"logo\":{\"@type\":\"ImageObject\",\"inLanguage\":\"en-US\",\"@id\":\"https:\/\/www.diasporaportuguesa.org\/#\/schema\/logo\/image\/\",\"url\":\"https:\/\/www.diasporaportuguesa.org\/wp-content\/uploads\/2022\/11\/conselho-diaspora-portuguesa.png\",\"contentUrl\":\"https:\/\/www.diasporaportuguesa.org\/wp-content\/uploads\/2022\/11\/conselho-diaspora-portuguesa.png\",\"width\":735,\"height\":216,\"caption\":\"Conselho da Di\u00e1spora Portuguesa\"},\"image\":{\"@id\":\"https:\/\/www.diasporaportuguesa.org\/#\/schema\/logo\/image\/\"},\"sameAs\":[\"https:\/\/twitter.com\/CdDiaspora\",\"https:\/\/www.linkedin.com\/company\/conselho-da-diaspora-portuguesa\/\",\"https:\/\/www.youtube.com\/channel\/UCEI8qERhtqzV1UgdITBo6rw\/videos\"]}]}<\/script>\n<!-- \/ Yoast SEO plugin. -->","yoast_head_json":{"title":"Jos\u00e9 F. Moura - Conselho da Di\u00e1spora Portuguesa","description":"Get to know Jos\u00e9 F. Moura's profile.","robots":{"index":"index","follow":"follow","max-snippet":"max-snippet:-1","max-image-preview":"max-image-preview:large","max-video-preview":"max-video-preview:-1"},"canonical":"https:\/\/www.diasporaportuguesa.org\/en\/profile\/jose-f-moura\/","og_locale":"en_US","og_type":"article","og_title":"Jos\u00e9 F. Moura - Conselho da Di\u00e1spora Portuguesa","og_description":"Get to know Jos\u00e9 F. Moura's profile.","og_url":"https:\/\/www.diasporaportuguesa.org\/en\/profile\/jose-f-moura\/","og_site_name":"Conselho da Di\u00e1spora Portuguesa","article_modified_time":"2025-11-04T12:20:44+00:00","og_image":[{"width":690,"height":690,"url":"https:\/\/www.diasporaportuguesa.org\/wp-content\/uploads\/2022\/12\/9qo9NGgg-1.jpeg","type":"image\/jpeg"}],"twitter_card":"summary_large_image","twitter_site":"@CdDiaspora","twitter_misc":{"Est. reading time":"2 minutes"},"schema":{"@context":"https:\/\/schema.org","@graph":[{"@type":"WebPage","@id":"https:\/\/www.diasporaportuguesa.org\/en\/profile\/jose-f-moura\/","url":"https:\/\/www.diasporaportuguesa.org\/en\/profile\/jose-f-moura\/","name":"Jos\u00e9 F. Moura - Conselho da Di\u00e1spora Portuguesa","isPartOf":{"@id":"https:\/\/www.diasporaportuguesa.org\/#website"},"datePublished":"2022-12-30T13:13:12+00:00","dateModified":"2025-11-04T12:20:44+00:00","description":"Get to know Jos\u00e9 F. Moura's profile.","breadcrumb":{"@id":"https:\/\/www.diasporaportuguesa.org\/en\/profile\/jose-f-moura\/#breadcrumb"},"inLanguage":"en-US","potentialAction":[{"@type":"ReadAction","target":["https:\/\/www.diasporaportuguesa.org\/en\/profile\/jose-f-moura\/"]}]},{"@type":"BreadcrumbList","@id":"https:\/\/www.diasporaportuguesa.org\/en\/profile\/jose-f-moura\/#breadcrumb","itemListElement":[{"@type":"ListItem","position":1,"name":"In\u00edcio","item":"https:\/\/www.diasporaportuguesa.org\/en\/"},{"@type":"ListItem","position":2,"name":"Jos\u00e9 F. Moura"}]},{"@type":"WebSite","@id":"https:\/\/www.diasporaportuguesa.org\/#website","url":"https:\/\/www.diasporaportuguesa.org\/","name":"Conselho da Di\u00e1spora Portuguesa","description":"Conselho da Di\u00e1spora Portuguesa","publisher":{"@id":"https:\/\/www.diasporaportuguesa.org\/#organization"},"potentialAction":[{"@type":"SearchAction","target":{"@type":"EntryPoint","urlTemplate":"https:\/\/www.diasporaportuguesa.org\/?s={search_term_string}"},"query-input":"required name=search_term_string"}],"inLanguage":"en-US"},{"@type":"Organization","@id":"https:\/\/www.diasporaportuguesa.org\/#organization","name":"Conselho da Di\u00e1spora Portuguesa","url":"https:\/\/www.diasporaportuguesa.org\/","logo":{"@type":"ImageObject","inLanguage":"en-US","@id":"https:\/\/www.diasporaportuguesa.org\/#\/schema\/logo\/image\/","url":"https:\/\/www.diasporaportuguesa.org\/wp-content\/uploads\/2022\/11\/conselho-diaspora-portuguesa.png","contentUrl":"https:\/\/www.diasporaportuguesa.org\/wp-content\/uploads\/2022\/11\/conselho-diaspora-portuguesa.png","width":735,"height":216,"caption":"Conselho da Di\u00e1spora Portuguesa"},"image":{"@id":"https:\/\/www.diasporaportuguesa.org\/#\/schema\/logo\/image\/"},"sameAs":["https:\/\/twitter.com\/CdDiaspora","https:\/\/www.linkedin.com\/company\/conselho-da-diaspora-portuguesa\/","https:\/\/www.youtube.com\/channel\/UCEI8qERhtqzV1UgdITBo6rw\/videos"]}]}},"_links":{"self":[{"href":"https:\/\/www.diasporaportuguesa.org\/en\/wp-json\/wp\/v2\/perfis\/13151"}],"collection":[{"href":"https:\/\/www.diasporaportuguesa.org\/en\/wp-json\/wp\/v2\/perfis"}],"about":[{"href":"https:\/\/www.diasporaportuguesa.org\/en\/wp-json\/wp\/v2\/types\/perfis"}],"author":[{"embeddable":true,"href":"https:\/\/www.diasporaportuguesa.org\/en\/wp-json\/wp\/v2\/users\/1"}],"wp:featuredmedia":[{"embeddable":true,"href":"https:\/\/www.diasporaportuguesa.org\/en\/wp-json\/wp\/v2\/media\/12815"}],"wp:attachment":[{"href":"https:\/\/www.diasporaportuguesa.org\/en\/wp-json\/wp\/v2\/media?parent=13151"}],"wp:term":[{"taxonomy":"grupo","embeddable":true,"href":"https:\/\/www.diasporaportuguesa.org\/en\/wp-json\/wp\/v2\/grupo?post=13151"}],"curies":[{"name":"wp","href":"https:\/\/api.w.org\/{rel}","templated":true}]}}