{"id":13187,"date":"2022-12-30T11:43:37","date_gmt":"2022-12-30T11:43:37","guid":{"rendered":"https:\/\/www.diasporaportuguesa.org\/perfil\/cristovao-fonseca\/"},"modified":"2024-01-11T15:51:05","modified_gmt":"2024-01-11T15:51:05","slug":"cristovao-fonseca","status":"publish","type":"perfis","link":"https:\/\/www.diasporaportuguesa.org\/en\/profile\/cristovao-fonseca\/","title":{"rendered":"Crist\u00f3v\u00e3o Fonseca"},"content":{"rendered":"\n<p>Crist\u00f3v\u00e3o Fonseca is a Portuguese-French author, director and producer that works in cinema, documentary and in-depth reporting.<\/p>\n\n\n\n<p>After a formation in Fine Arts, a degree in Audiovisual and Journalism Communication and a mater in Cinema and Documentary in Paris, he collaborated with the mains French press agencies and production societies, creating in 2007 \u201cLes Films de l\u2019Odyss\u00e9e\u201d, an audiovisual reference production society in France.<\/p>\n\n\n\n<p>Crist\u00f3v\u00e3o Fonseca directed and produced more than 50 movies, documentaries and in-depth reporting that were regularly praised by the press and awarded with many prizes, between them the movie \u201cDes femmes en blanc\u201d that received the prize of best documentary 2008, and attributed by the public of France Television. He was also the winner of the Gold Prize Brand Content 2014 with the direction of the movie \u00abCam\u00e9ra Embarqu\u00e9e\u00bb with Havas agency.<\/p>\n\n\n\n<p>He was honored in 2012 by the President of the Portuguese Republic, receiving a honor mention of the prize Empreendedorismo Inovador da Di\u00e1spora Portuguesa by COTEC Portugal.<br>In 2015 he created Imagina Produ\u00e7\u00f5es in Portugal whose main goal is to invest in creative industries and make international co-productions to promote the Portuguese culture outside the country.<\/p>\n\n\n\n<p>Director of the documentary about the life and work of Amadeu de Souza Cardoso, \u201cO \u00faltimo segredo da arte moderna\u201d de 2016, he is preparing a new documentary about Camille Pissarro, the last painter that was known has \u201cfather of the impressionism\u201d.<\/p>\n\n\n\n<p>He is a member of the Portuguese Diaspora Council since 2015.<\/p>\n","protected":false},"author":1,"featured_media":14941,"template":"","meta":[],"grupo":[281],"acf":[],"yoast_head":"<!-- This site is optimized with the Yoast SEO plugin v21.3 - https:\/\/yoast.com\/wordpress\/plugins\/seo\/ -->\n<title>Crist\u00f3v\u00e3o Fonseca - Conselho da Di\u00e1spora Portuguesa<\/title>\n<meta name=\"description\" content=\"Get to know Crist\u00f3v\u00e3o Fonseca&#039;s profile.\" \/>\n<meta name=\"robots\" content=\"index, follow, max-snippet:-1, max-image-preview:large, max-video-preview:-1\" \/>\n<link rel=\"canonical\" href=\"https:\/\/www.diasporaportuguesa.org\/en\/profile\/cristovao-fonseca\/\" \/>\n<meta property=\"og:locale\" content=\"en_US\" \/>\n<meta property=\"og:type\" content=\"article\" \/>\n<meta property=\"og:title\" content=\"Crist\u00f3v\u00e3o Fonseca - Conselho da Di\u00e1spora Portuguesa\" \/>\n<meta property=\"og:description\" content=\"Get to know Crist\u00f3v\u00e3o Fonseca&#039;s profile.\" \/>\n<meta property=\"og:url\" content=\"https:\/\/www.diasporaportuguesa.org\/en\/profile\/cristovao-fonseca\/\" \/>\n<meta property=\"og:site_name\" content=\"Conselho da Di\u00e1spora Portuguesa\" \/>\n<meta property=\"article:modified_time\" content=\"2024-01-11T15:51:05+00:00\" \/>\n<meta property=\"og:image\" content=\"https:\/\/www.diasporaportuguesa.org\/wp-content\/uploads\/2022\/12\/Christophe-Fonseca-2-e1675190577273.jpg\" \/>\n\t<meta property=\"og:image:width\" content=\"1200\" \/>\n\t<meta property=\"og:image:height\" content=\"800\" \/>\n\t<meta property=\"og:image:type\" content=\"image\/jpeg\" \/>\n<meta name=\"twitter:card\" content=\"summary_large_image\" \/>\n<meta name=\"twitter:site\" content=\"@CdDiaspora\" \/>\n<meta name=\"twitter:label1\" content=\"Est. reading time\" \/>\n\t<meta name=\"twitter:data1\" content=\"2 minutes\" \/>\n<script type=\"application\/ld+json\" class=\"yoast-schema-graph\">{\"@context\":\"https:\/\/schema.org\",\"@graph\":[{\"@type\":\"WebPage\",\"@id\":\"https:\/\/www.diasporaportuguesa.org\/en\/profile\/cristovao-fonseca\/\",\"url\":\"https:\/\/www.diasporaportuguesa.org\/en\/profile\/cristovao-fonseca\/\",\"name\":\"Crist\u00f3v\u00e3o Fonseca - Conselho da Di\u00e1spora Portuguesa\",\"isPartOf\":{\"@id\":\"https:\/\/www.diasporaportuguesa.org\/#website\"},\"datePublished\":\"2022-12-30T11:43:37+00:00\",\"dateModified\":\"2024-01-11T15:51:05+00:00\",\"description\":\"Get to know Crist\u00f3v\u00e3o Fonseca's profile.\",\"breadcrumb\":{\"@id\":\"https:\/\/www.diasporaportuguesa.org\/en\/profile\/cristovao-fonseca\/#breadcrumb\"},\"inLanguage\":\"en-US\",\"potentialAction\":[{\"@type\":\"ReadAction\",\"target\":[\"https:\/\/www.diasporaportuguesa.org\/en\/profile\/cristovao-fonseca\/\"]}]},{\"@type\":\"BreadcrumbList\",\"@id\":\"https:\/\/www.diasporaportuguesa.org\/en\/profile\/cristovao-fonseca\/#breadcrumb\",\"itemListElement\":[{\"@type\":\"ListItem\",\"position\":1,\"name\":\"In\u00edcio\",\"item\":\"https:\/\/www.diasporaportuguesa.org\/en\/\"},{\"@type\":\"ListItem\",\"position\":2,\"name\":\"Crist\u00f3v\u00e3o Fonseca\"}]},{\"@type\":\"WebSite\",\"@id\":\"https:\/\/www.diasporaportuguesa.org\/#website\",\"url\":\"https:\/\/www.diasporaportuguesa.org\/\",\"name\":\"Conselho da Di\u00e1spora Portuguesa\",\"description\":\"Conselho da Di\u00e1spora Portuguesa\",\"publisher\":{\"@id\":\"https:\/\/www.diasporaportuguesa.org\/#organization\"},\"potentialAction\":[{\"@type\":\"SearchAction\",\"target\":{\"@type\":\"EntryPoint\",\"urlTemplate\":\"https:\/\/www.diasporaportuguesa.org\/?s={search_term_string}\"},\"query-input\":\"required name=search_term_string\"}],\"inLanguage\":\"en-US\"},{\"@type\":\"Organization\",\"@id\":\"https:\/\/www.diasporaportuguesa.org\/#organization\",\"name\":\"Conselho da Di\u00e1spora Portuguesa\",\"url\":\"https:\/\/www.diasporaportuguesa.org\/\",\"logo\":{\"@type\":\"ImageObject\",\"inLanguage\":\"en-US\",\"@id\":\"https:\/\/www.diasporaportuguesa.org\/#\/schema\/logo\/image\/\",\"url\":\"https:\/\/www.diasporaportuguesa.org\/wp-content\/uploads\/2022\/11\/conselho-diaspora-portuguesa.png\",\"contentUrl\":\"https:\/\/www.diasporaportuguesa.org\/wp-content\/uploads\/2022\/11\/conselho-diaspora-portuguesa.png\",\"width\":735,\"height\":216,\"caption\":\"Conselho da Di\u00e1spora Portuguesa\"},\"image\":{\"@id\":\"https:\/\/www.diasporaportuguesa.org\/#\/schema\/logo\/image\/\"},\"sameAs\":[\"https:\/\/twitter.com\/CdDiaspora\",\"https:\/\/www.linkedin.com\/company\/conselho-da-diaspora-portuguesa\/\",\"https:\/\/www.youtube.com\/channel\/UCEI8qERhtqzV1UgdITBo6rw\/videos\"]}]}<\/script>\n<!-- \/ Yoast SEO plugin. -->","yoast_head_json":{"title":"Crist\u00f3v\u00e3o Fonseca - Conselho da Di\u00e1spora Portuguesa","description":"Get to know Crist\u00f3v\u00e3o Fonseca's profile.","robots":{"index":"index","follow":"follow","max-snippet":"max-snippet:-1","max-image-preview":"max-image-preview:large","max-video-preview":"max-video-preview:-1"},"canonical":"https:\/\/www.diasporaportuguesa.org\/en\/profile\/cristovao-fonseca\/","og_locale":"en_US","og_type":"article","og_title":"Crist\u00f3v\u00e3o Fonseca - Conselho da Di\u00e1spora Portuguesa","og_description":"Get to know Crist\u00f3v\u00e3o Fonseca's profile.","og_url":"https:\/\/www.diasporaportuguesa.org\/en\/profile\/cristovao-fonseca\/","og_site_name":"Conselho da Di\u00e1spora Portuguesa","article_modified_time":"2024-01-11T15:51:05+00:00","og_image":[{"width":1200,"height":800,"url":"https:\/\/www.diasporaportuguesa.org\/wp-content\/uploads\/2022\/12\/Christophe-Fonseca-2-e1675190577273.jpg","type":"image\/jpeg"}],"twitter_card":"summary_large_image","twitter_site":"@CdDiaspora","twitter_misc":{"Est. reading time":"2 minutes"},"schema":{"@context":"https:\/\/schema.org","@graph":[{"@type":"WebPage","@id":"https:\/\/www.diasporaportuguesa.org\/en\/profile\/cristovao-fonseca\/","url":"https:\/\/www.diasporaportuguesa.org\/en\/profile\/cristovao-fonseca\/","name":"Crist\u00f3v\u00e3o Fonseca - Conselho da Di\u00e1spora Portuguesa","isPartOf":{"@id":"https:\/\/www.diasporaportuguesa.org\/#website"},"datePublished":"2022-12-30T11:43:37+00:00","dateModified":"2024-01-11T15:51:05+00:00","description":"Get to know Crist\u00f3v\u00e3o Fonseca's profile.","breadcrumb":{"@id":"https:\/\/www.diasporaportuguesa.org\/en\/profile\/cristovao-fonseca\/#breadcrumb"},"inLanguage":"en-US","potentialAction":[{"@type":"ReadAction","target":["https:\/\/www.diasporaportuguesa.org\/en\/profile\/cristovao-fonseca\/"]}]},{"@type":"BreadcrumbList","@id":"https:\/\/www.diasporaportuguesa.org\/en\/profile\/cristovao-fonseca\/#breadcrumb","itemListElement":[{"@type":"ListItem","position":1,"name":"In\u00edcio","item":"https:\/\/www.diasporaportuguesa.org\/en\/"},{"@type":"ListItem","position":2,"name":"Crist\u00f3v\u00e3o Fonseca"}]},{"@type":"WebSite","@id":"https:\/\/www.diasporaportuguesa.org\/#website","url":"https:\/\/www.diasporaportuguesa.org\/","name":"Conselho da Di\u00e1spora Portuguesa","description":"Conselho da Di\u00e1spora Portuguesa","publisher":{"@id":"https:\/\/www.diasporaportuguesa.org\/#organization"},"potentialAction":[{"@type":"SearchAction","target":{"@type":"EntryPoint","urlTemplate":"https:\/\/www.diasporaportuguesa.org\/?s={search_term_string}"},"query-input":"required name=search_term_string"}],"inLanguage":"en-US"},{"@type":"Organization","@id":"https:\/\/www.diasporaportuguesa.org\/#organization","name":"Conselho da Di\u00e1spora Portuguesa","url":"https:\/\/www.diasporaportuguesa.org\/","logo":{"@type":"ImageObject","inLanguage":"en-US","@id":"https:\/\/www.diasporaportuguesa.org\/#\/schema\/logo\/image\/","url":"https:\/\/www.diasporaportuguesa.org\/wp-content\/uploads\/2022\/11\/conselho-diaspora-portuguesa.png","contentUrl":"https:\/\/www.diasporaportuguesa.org\/wp-content\/uploads\/2022\/11\/conselho-diaspora-portuguesa.png","width":735,"height":216,"caption":"Conselho da Di\u00e1spora Portuguesa"},"image":{"@id":"https:\/\/www.diasporaportuguesa.org\/#\/schema\/logo\/image\/"},"sameAs":["https:\/\/twitter.com\/CdDiaspora","https:\/\/www.linkedin.com\/company\/conselho-da-diaspora-portuguesa\/","https:\/\/www.youtube.com\/channel\/UCEI8qERhtqzV1UgdITBo6rw\/videos"]}]}},"_links":{"self":[{"href":"https:\/\/www.diasporaportuguesa.org\/en\/wp-json\/wp\/v2\/perfis\/13187"}],"collection":[{"href":"https:\/\/www.diasporaportuguesa.org\/en\/wp-json\/wp\/v2\/perfis"}],"about":[{"href":"https:\/\/www.diasporaportuguesa.org\/en\/wp-json\/wp\/v2\/types\/perfis"}],"author":[{"embeddable":true,"href":"https:\/\/www.diasporaportuguesa.org\/en\/wp-json\/wp\/v2\/users\/1"}],"wp:featuredmedia":[{"embeddable":true,"href":"https:\/\/www.diasporaportuguesa.org\/en\/wp-json\/wp\/v2\/media\/14941"}],"wp:attachment":[{"href":"https:\/\/www.diasporaportuguesa.org\/en\/wp-json\/wp\/v2\/media?parent=13187"}],"wp:term":[{"taxonomy":"grupo","embeddable":true,"href":"https:\/\/www.diasporaportuguesa.org\/en\/wp-json\/wp\/v2\/grupo?post=13187"}],"curies":[{"name":"wp","href":"https:\/\/api.w.org\/{rel}","templated":true}]}}