{"id":13201,"date":"2022-12-30T11:06:56","date_gmt":"2022-12-30T11:06:56","guid":{"rendered":"https:\/\/www.diasporaportuguesa.org\/perfil\/antonio-goncalves\/"},"modified":"2023-04-17T09:08:47","modified_gmt":"2023-04-17T09:08:47","slug":"antonio-goncalves","status":"publish","type":"perfis","link":"https:\/\/www.diasporaportuguesa.org\/en\/profile\/antonio-goncalves\/","title":{"rendered":"Ant\u00f3nio Gon\u00e7alves"},"content":{"rendered":"\n<p>Ant\u00f3nio Gon\u00e7alves is the founder of EA Ventur.<\/p>\n\n\n\n<p>Between July 2015 and June 2018, he was International Director of ES-KO International Inc. \u2013 one of the world biggest logistics multinationals, installing camps in difficult access and politically unstable locations, having served the major world organisms such has UN, NATO, and many NGOs and Governments. ES-KO employs more than 2.000 people and is present in Sudan, Congo, Mali, Burkina Faso, Uganda, Senegal, Somali, Occidental Sahara\/Morocco, Angola, Haiti, Cyprus, Afghanistan and Iraq.<\/p>\n\n\n\n<p>Previously, he founded Origin International, a consulting company in management and leadership operating in Dubai, being responsible for the development of the first stage of the $120 million USD venture capital project of the company.<\/p>\n\n\n\n<p>Between 2010 and 2014 he was CEO of Ecolog International, focused in management services of remote installations and the US Executive Director of the Administration Council. He was also CEO of the Gulf Catering Company \/ Gcc Services in Kuwait (2006-2010), General Director of the Food Services at Mclane Portugal (2002-2004), Director of Eurest (1998-2002) and Director of Carlson Portugal &amp; Brasil (1996-2000).<\/p>\n\n\n\n<p>Ant\u00f3nio Gon\u00e7alves is graduated in Hotel Business Industry Management and has a post-graduation in Corporate Management for the Catholic University of Lisbon.<\/p>\n\n\n\n<p>He is a member of the Portuguese Diaspora Council since 2016.<\/p>\n","protected":false},"author":1,"featured_media":12661,"template":"","meta":[],"grupo":[286,281],"acf":[],"yoast_head":"<!-- This site is optimized with the Yoast SEO plugin v21.3 - https:\/\/yoast.com\/wordpress\/plugins\/seo\/ -->\n<title>Ant\u00f3nio Gon\u00e7alves - Conselho da Di\u00e1spora Portuguesa<\/title>\n<meta name=\"description\" content=\"Get to know Ant\u00f3nio Gon\u00e7alves&#039;s profile.\" \/>\n<meta name=\"robots\" content=\"index, follow, max-snippet:-1, max-image-preview:large, max-video-preview:-1\" \/>\n<link rel=\"canonical\" href=\"https:\/\/www.diasporaportuguesa.org\/en\/profile\/antonio-goncalves\/\" \/>\n<meta property=\"og:locale\" content=\"en_US\" \/>\n<meta property=\"og:type\" content=\"article\" \/>\n<meta property=\"og:title\" content=\"Ant\u00f3nio Gon\u00e7alves - Conselho da Di\u00e1spora Portuguesa\" \/>\n<meta property=\"og:description\" content=\"Get to know Ant\u00f3nio Gon\u00e7alves&#039;s profile.\" \/>\n<meta property=\"og:url\" content=\"https:\/\/www.diasporaportuguesa.org\/en\/profile\/antonio-goncalves\/\" \/>\n<meta property=\"og:site_name\" content=\"Conselho da Di\u00e1spora Portuguesa\" \/>\n<meta property=\"article:modified_time\" content=\"2023-04-17T09:08:47+00:00\" \/>\n<meta property=\"og:image\" content=\"https:\/\/www.diasporaportuguesa.org\/wp-content\/uploads\/2022\/12\/bbrAkXty-1-e1675189616707.png\" \/>\n\t<meta property=\"og:image:width\" content=\"370\" \/>\n\t<meta property=\"og:image:height\" content=\"491\" \/>\n\t<meta property=\"og:image:type\" content=\"image\/png\" \/>\n<meta name=\"twitter:card\" content=\"summary_large_image\" \/>\n<meta name=\"twitter:site\" content=\"@CdDiaspora\" \/>\n<meta name=\"twitter:label1\" content=\"Est. reading time\" \/>\n\t<meta name=\"twitter:data1\" content=\"2 minutes\" \/>\n<script type=\"application\/ld+json\" class=\"yoast-schema-graph\">{\"@context\":\"https:\/\/schema.org\",\"@graph\":[{\"@type\":\"WebPage\",\"@id\":\"https:\/\/www.diasporaportuguesa.org\/en\/profile\/antonio-goncalves\/\",\"url\":\"https:\/\/www.diasporaportuguesa.org\/en\/profile\/antonio-goncalves\/\",\"name\":\"Ant\u00f3nio Gon\u00e7alves - Conselho da Di\u00e1spora Portuguesa\",\"isPartOf\":{\"@id\":\"https:\/\/www.diasporaportuguesa.org\/#website\"},\"datePublished\":\"2022-12-30T11:06:56+00:00\",\"dateModified\":\"2023-04-17T09:08:47+00:00\",\"description\":\"Get to know Ant\u00f3nio Gon\u00e7alves's profile.\",\"breadcrumb\":{\"@id\":\"https:\/\/www.diasporaportuguesa.org\/en\/profile\/antonio-goncalves\/#breadcrumb\"},\"inLanguage\":\"en-US\",\"potentialAction\":[{\"@type\":\"ReadAction\",\"target\":[\"https:\/\/www.diasporaportuguesa.org\/en\/profile\/antonio-goncalves\/\"]}]},{\"@type\":\"BreadcrumbList\",\"@id\":\"https:\/\/www.diasporaportuguesa.org\/en\/profile\/antonio-goncalves\/#breadcrumb\",\"itemListElement\":[{\"@type\":\"ListItem\",\"position\":1,\"name\":\"In\u00edcio\",\"item\":\"https:\/\/www.diasporaportuguesa.org\/en\/\"},{\"@type\":\"ListItem\",\"position\":2,\"name\":\"Ant\u00f3nio Gon\u00e7alves\"}]},{\"@type\":\"WebSite\",\"@id\":\"https:\/\/www.diasporaportuguesa.org\/#website\",\"url\":\"https:\/\/www.diasporaportuguesa.org\/\",\"name\":\"Conselho da Di\u00e1spora Portuguesa\",\"description\":\"Conselho da Di\u00e1spora Portuguesa\",\"publisher\":{\"@id\":\"https:\/\/www.diasporaportuguesa.org\/#organization\"},\"potentialAction\":[{\"@type\":\"SearchAction\",\"target\":{\"@type\":\"EntryPoint\",\"urlTemplate\":\"https:\/\/www.diasporaportuguesa.org\/?s={search_term_string}\"},\"query-input\":\"required name=search_term_string\"}],\"inLanguage\":\"en-US\"},{\"@type\":\"Organization\",\"@id\":\"https:\/\/www.diasporaportuguesa.org\/#organization\",\"name\":\"Conselho da Di\u00e1spora Portuguesa\",\"url\":\"https:\/\/www.diasporaportuguesa.org\/\",\"logo\":{\"@type\":\"ImageObject\",\"inLanguage\":\"en-US\",\"@id\":\"https:\/\/www.diasporaportuguesa.org\/#\/schema\/logo\/image\/\",\"url\":\"https:\/\/www.diasporaportuguesa.org\/wp-content\/uploads\/2022\/11\/conselho-diaspora-portuguesa.png\",\"contentUrl\":\"https:\/\/www.diasporaportuguesa.org\/wp-content\/uploads\/2022\/11\/conselho-diaspora-portuguesa.png\",\"width\":735,\"height\":216,\"caption\":\"Conselho da Di\u00e1spora Portuguesa\"},\"image\":{\"@id\":\"https:\/\/www.diasporaportuguesa.org\/#\/schema\/logo\/image\/\"},\"sameAs\":[\"https:\/\/twitter.com\/CdDiaspora\",\"https:\/\/www.linkedin.com\/company\/conselho-da-diaspora-portuguesa\/\",\"https:\/\/www.youtube.com\/channel\/UCEI8qERhtqzV1UgdITBo6rw\/videos\"]}]}<\/script>\n<!-- \/ Yoast SEO plugin. -->","yoast_head_json":{"title":"Ant\u00f3nio Gon\u00e7alves - Conselho da Di\u00e1spora Portuguesa","description":"Get to know Ant\u00f3nio Gon\u00e7alves's profile.","robots":{"index":"index","follow":"follow","max-snippet":"max-snippet:-1","max-image-preview":"max-image-preview:large","max-video-preview":"max-video-preview:-1"},"canonical":"https:\/\/www.diasporaportuguesa.org\/en\/profile\/antonio-goncalves\/","og_locale":"en_US","og_type":"article","og_title":"Ant\u00f3nio Gon\u00e7alves - Conselho da Di\u00e1spora Portuguesa","og_description":"Get to know Ant\u00f3nio Gon\u00e7alves's profile.","og_url":"https:\/\/www.diasporaportuguesa.org\/en\/profile\/antonio-goncalves\/","og_site_name":"Conselho da Di\u00e1spora Portuguesa","article_modified_time":"2023-04-17T09:08:47+00:00","og_image":[{"width":370,"height":491,"url":"https:\/\/www.diasporaportuguesa.org\/wp-content\/uploads\/2022\/12\/bbrAkXty-1-e1675189616707.png","type":"image\/png"}],"twitter_card":"summary_large_image","twitter_site":"@CdDiaspora","twitter_misc":{"Est. reading time":"2 minutes"},"schema":{"@context":"https:\/\/schema.org","@graph":[{"@type":"WebPage","@id":"https:\/\/www.diasporaportuguesa.org\/en\/profile\/antonio-goncalves\/","url":"https:\/\/www.diasporaportuguesa.org\/en\/profile\/antonio-goncalves\/","name":"Ant\u00f3nio Gon\u00e7alves - Conselho da Di\u00e1spora Portuguesa","isPartOf":{"@id":"https:\/\/www.diasporaportuguesa.org\/#website"},"datePublished":"2022-12-30T11:06:56+00:00","dateModified":"2023-04-17T09:08:47+00:00","description":"Get to know Ant\u00f3nio Gon\u00e7alves's profile.","breadcrumb":{"@id":"https:\/\/www.diasporaportuguesa.org\/en\/profile\/antonio-goncalves\/#breadcrumb"},"inLanguage":"en-US","potentialAction":[{"@type":"ReadAction","target":["https:\/\/www.diasporaportuguesa.org\/en\/profile\/antonio-goncalves\/"]}]},{"@type":"BreadcrumbList","@id":"https:\/\/www.diasporaportuguesa.org\/en\/profile\/antonio-goncalves\/#breadcrumb","itemListElement":[{"@type":"ListItem","position":1,"name":"In\u00edcio","item":"https:\/\/www.diasporaportuguesa.org\/en\/"},{"@type":"ListItem","position":2,"name":"Ant\u00f3nio Gon\u00e7alves"}]},{"@type":"WebSite","@id":"https:\/\/www.diasporaportuguesa.org\/#website","url":"https:\/\/www.diasporaportuguesa.org\/","name":"Conselho da Di\u00e1spora Portuguesa","description":"Conselho da Di\u00e1spora Portuguesa","publisher":{"@id":"https:\/\/www.diasporaportuguesa.org\/#organization"},"potentialAction":[{"@type":"SearchAction","target":{"@type":"EntryPoint","urlTemplate":"https:\/\/www.diasporaportuguesa.org\/?s={search_term_string}"},"query-input":"required name=search_term_string"}],"inLanguage":"en-US"},{"@type":"Organization","@id":"https:\/\/www.diasporaportuguesa.org\/#organization","name":"Conselho da Di\u00e1spora Portuguesa","url":"https:\/\/www.diasporaportuguesa.org\/","logo":{"@type":"ImageObject","inLanguage":"en-US","@id":"https:\/\/www.diasporaportuguesa.org\/#\/schema\/logo\/image\/","url":"https:\/\/www.diasporaportuguesa.org\/wp-content\/uploads\/2022\/11\/conselho-diaspora-portuguesa.png","contentUrl":"https:\/\/www.diasporaportuguesa.org\/wp-content\/uploads\/2022\/11\/conselho-diaspora-portuguesa.png","width":735,"height":216,"caption":"Conselho da Di\u00e1spora Portuguesa"},"image":{"@id":"https:\/\/www.diasporaportuguesa.org\/#\/schema\/logo\/image\/"},"sameAs":["https:\/\/twitter.com\/CdDiaspora","https:\/\/www.linkedin.com\/company\/conselho-da-diaspora-portuguesa\/","https:\/\/www.youtube.com\/channel\/UCEI8qERhtqzV1UgdITBo6rw\/videos"]}]}},"_links":{"self":[{"href":"https:\/\/www.diasporaportuguesa.org\/en\/wp-json\/wp\/v2\/perfis\/13201"}],"collection":[{"href":"https:\/\/www.diasporaportuguesa.org\/en\/wp-json\/wp\/v2\/perfis"}],"about":[{"href":"https:\/\/www.diasporaportuguesa.org\/en\/wp-json\/wp\/v2\/types\/perfis"}],"author":[{"embeddable":true,"href":"https:\/\/www.diasporaportuguesa.org\/en\/wp-json\/wp\/v2\/users\/1"}],"wp:featuredmedia":[{"embeddable":true,"href":"https:\/\/www.diasporaportuguesa.org\/en\/wp-json\/wp\/v2\/media\/12661"}],"wp:attachment":[{"href":"https:\/\/www.diasporaportuguesa.org\/en\/wp-json\/wp\/v2\/media?parent=13201"}],"wp:term":[{"taxonomy":"grupo","embeddable":true,"href":"https:\/\/www.diasporaportuguesa.org\/en\/wp-json\/wp\/v2\/grupo?post=13201"}],"curies":[{"name":"wp","href":"https:\/\/api.w.org\/{rel}","templated":true}]}}