{"id":14148,"date":"2023-01-06T17:28:39","date_gmt":"2023-01-06T17:28:39","guid":{"rendered":"https:\/\/www.diasporaportuguesa.org\/perfil\/antonio-brochado-correia\/"},"modified":"2023-02-02T22:46:34","modified_gmt":"2023-02-02T22:46:34","slug":"antonio-brochado-correia","status":"publish","type":"perfis","link":"https:\/\/www.diasporaportuguesa.org\/en\/profile\/antonio-brochado-correia\/","title":{"rendered":"Ant\u00f3nio Brochado Correia"},"content":{"rendered":"\n<p>Ant\u00f3nio Brochado Correia has a degree in Management and Business Administration from the Catholic University of Portugal. He is a member of the Superior Council of the same university. He has additional training at INSEAD. Ant\u00f3nio was a guest lecturer in higher education on the Management Degree between 1999 and 2003. Statutory Auditor since 1999.<\/p>\n\n\n\n<p>Between 2003 and 2006, he took on the role of coordinator of the \u201cSarbanes-Oxley Act 2002\u201d. Between 2007 and 2011, he was responsible for the Technical Committee on Corporate Social Responsibility of the Portuguese Board of Auditors. In 2008, and until 2011, he held the position of Portuguese representative at the F\u00e9d\u00e9ration des Experts Europ\u00e9ennes in Brussels for sustainability and corporate responsibility issues.<br>As for his career at PwC, he has been a partner since 2003, in 2006 he assumed the role of Global Relationship Partner at PwC, a position he still holds. He led the Consultancy department in Portugal between 2011 and 2013. He was also Deputy Senior Partner, between 2011 and 2015.<\/p>\n","protected":false},"author":1,"featured_media":14043,"template":"","meta":[],"grupo":[280],"acf":[],"yoast_head":"<!-- This site is optimized with the Yoast SEO plugin v21.3 - https:\/\/yoast.com\/wordpress\/plugins\/seo\/ -->\n<title>Ant\u00f3nio Brochado Correia - Conselho da Di\u00e1spora Portuguesa<\/title>\n<meta name=\"description\" content=\"Get to know Ant\u00f3nio Brochado Correia&#039;s profile.\" \/>\n<meta name=\"robots\" content=\"index, follow, max-snippet:-1, max-image-preview:large, max-video-preview:-1\" \/>\n<link rel=\"canonical\" href=\"https:\/\/www.diasporaportuguesa.org\/en\/profile\/antonio-brochado-correia\/\" \/>\n<meta property=\"og:locale\" content=\"en_US\" \/>\n<meta property=\"og:type\" content=\"article\" \/>\n<meta property=\"og:title\" content=\"Ant\u00f3nio Brochado Correia - Conselho da Di\u00e1spora Portuguesa\" \/>\n<meta property=\"og:description\" content=\"Get to know Ant\u00f3nio Brochado Correia&#039;s profile.\" \/>\n<meta property=\"og:url\" content=\"https:\/\/www.diasporaportuguesa.org\/en\/profile\/antonio-brochado-correia\/\" \/>\n<meta property=\"og:site_name\" content=\"Conselho da Di\u00e1spora Portuguesa\" \/>\n<meta property=\"article:modified_time\" content=\"2023-02-02T22:46:34+00:00\" \/>\n<meta property=\"og:image\" content=\"https:\/\/www.diasporaportuguesa.org\/wp-content\/uploads\/2023\/01\/Screenshot-2022-12-02-at-15.13.35.png\" \/>\n\t<meta property=\"og:image:width\" content=\"345\" \/>\n\t<meta property=\"og:image:height\" content=\"345\" \/>\n\t<meta property=\"og:image:type\" content=\"image\/png\" \/>\n<meta name=\"twitter:card\" content=\"summary_large_image\" \/>\n<meta name=\"twitter:site\" content=\"@CdDiaspora\" \/>\n<meta name=\"twitter:label1\" content=\"Est. reading time\" \/>\n\t<meta name=\"twitter:data1\" content=\"1 minute\" \/>\n<script type=\"application\/ld+json\" class=\"yoast-schema-graph\">{\"@context\":\"https:\/\/schema.org\",\"@graph\":[{\"@type\":\"WebPage\",\"@id\":\"https:\/\/www.diasporaportuguesa.org\/en\/profile\/antonio-brochado-correia\/\",\"url\":\"https:\/\/www.diasporaportuguesa.org\/en\/profile\/antonio-brochado-correia\/\",\"name\":\"Ant\u00f3nio Brochado Correia - Conselho da Di\u00e1spora Portuguesa\",\"isPartOf\":{\"@id\":\"https:\/\/www.diasporaportuguesa.org\/#website\"},\"datePublished\":\"2023-01-06T17:28:39+00:00\",\"dateModified\":\"2023-02-02T22:46:34+00:00\",\"description\":\"Get to know Ant\u00f3nio Brochado Correia's profile.\",\"breadcrumb\":{\"@id\":\"https:\/\/www.diasporaportuguesa.org\/en\/profile\/antonio-brochado-correia\/#breadcrumb\"},\"inLanguage\":\"en-US\",\"potentialAction\":[{\"@type\":\"ReadAction\",\"target\":[\"https:\/\/www.diasporaportuguesa.org\/en\/profile\/antonio-brochado-correia\/\"]}]},{\"@type\":\"BreadcrumbList\",\"@id\":\"https:\/\/www.diasporaportuguesa.org\/en\/profile\/antonio-brochado-correia\/#breadcrumb\",\"itemListElement\":[{\"@type\":\"ListItem\",\"position\":1,\"name\":\"In\u00edcio\",\"item\":\"https:\/\/www.diasporaportuguesa.org\/en\/\"},{\"@type\":\"ListItem\",\"position\":2,\"name\":\"Ant\u00f3nio Brochado Correia\"}]},{\"@type\":\"WebSite\",\"@id\":\"https:\/\/www.diasporaportuguesa.org\/#website\",\"url\":\"https:\/\/www.diasporaportuguesa.org\/\",\"name\":\"Conselho da Di\u00e1spora Portuguesa\",\"description\":\"Conselho da Di\u00e1spora Portuguesa\",\"publisher\":{\"@id\":\"https:\/\/www.diasporaportuguesa.org\/#organization\"},\"potentialAction\":[{\"@type\":\"SearchAction\",\"target\":{\"@type\":\"EntryPoint\",\"urlTemplate\":\"https:\/\/www.diasporaportuguesa.org\/?s={search_term_string}\"},\"query-input\":\"required name=search_term_string\"}],\"inLanguage\":\"en-US\"},{\"@type\":\"Organization\",\"@id\":\"https:\/\/www.diasporaportuguesa.org\/#organization\",\"name\":\"Conselho da Di\u00e1spora Portuguesa\",\"url\":\"https:\/\/www.diasporaportuguesa.org\/\",\"logo\":{\"@type\":\"ImageObject\",\"inLanguage\":\"en-US\",\"@id\":\"https:\/\/www.diasporaportuguesa.org\/#\/schema\/logo\/image\/\",\"url\":\"https:\/\/www.diasporaportuguesa.org\/wp-content\/uploads\/2022\/11\/conselho-diaspora-portuguesa.png\",\"contentUrl\":\"https:\/\/www.diasporaportuguesa.org\/wp-content\/uploads\/2022\/11\/conselho-diaspora-portuguesa.png\",\"width\":735,\"height\":216,\"caption\":\"Conselho da Di\u00e1spora Portuguesa\"},\"image\":{\"@id\":\"https:\/\/www.diasporaportuguesa.org\/#\/schema\/logo\/image\/\"},\"sameAs\":[\"https:\/\/twitter.com\/CdDiaspora\",\"https:\/\/www.linkedin.com\/company\/conselho-da-diaspora-portuguesa\/\",\"https:\/\/www.youtube.com\/channel\/UCEI8qERhtqzV1UgdITBo6rw\/videos\"]}]}<\/script>\n<!-- \/ Yoast SEO plugin. -->","yoast_head_json":{"title":"Ant\u00f3nio Brochado Correia - Conselho da Di\u00e1spora Portuguesa","description":"Get to know Ant\u00f3nio Brochado Correia's profile.","robots":{"index":"index","follow":"follow","max-snippet":"max-snippet:-1","max-image-preview":"max-image-preview:large","max-video-preview":"max-video-preview:-1"},"canonical":"https:\/\/www.diasporaportuguesa.org\/en\/profile\/antonio-brochado-correia\/","og_locale":"en_US","og_type":"article","og_title":"Ant\u00f3nio Brochado Correia - Conselho da Di\u00e1spora Portuguesa","og_description":"Get to know Ant\u00f3nio Brochado Correia's profile.","og_url":"https:\/\/www.diasporaportuguesa.org\/en\/profile\/antonio-brochado-correia\/","og_site_name":"Conselho da Di\u00e1spora Portuguesa","article_modified_time":"2023-02-02T22:46:34+00:00","og_image":[{"width":345,"height":345,"url":"https:\/\/www.diasporaportuguesa.org\/wp-content\/uploads\/2023\/01\/Screenshot-2022-12-02-at-15.13.35.png","type":"image\/png"}],"twitter_card":"summary_large_image","twitter_site":"@CdDiaspora","twitter_misc":{"Est. reading time":"1 minute"},"schema":{"@context":"https:\/\/schema.org","@graph":[{"@type":"WebPage","@id":"https:\/\/www.diasporaportuguesa.org\/en\/profile\/antonio-brochado-correia\/","url":"https:\/\/www.diasporaportuguesa.org\/en\/profile\/antonio-brochado-correia\/","name":"Ant\u00f3nio Brochado Correia - Conselho da Di\u00e1spora Portuguesa","isPartOf":{"@id":"https:\/\/www.diasporaportuguesa.org\/#website"},"datePublished":"2023-01-06T17:28:39+00:00","dateModified":"2023-02-02T22:46:34+00:00","description":"Get to know Ant\u00f3nio Brochado Correia's profile.","breadcrumb":{"@id":"https:\/\/www.diasporaportuguesa.org\/en\/profile\/antonio-brochado-correia\/#breadcrumb"},"inLanguage":"en-US","potentialAction":[{"@type":"ReadAction","target":["https:\/\/www.diasporaportuguesa.org\/en\/profile\/antonio-brochado-correia\/"]}]},{"@type":"BreadcrumbList","@id":"https:\/\/www.diasporaportuguesa.org\/en\/profile\/antonio-brochado-correia\/#breadcrumb","itemListElement":[{"@type":"ListItem","position":1,"name":"In\u00edcio","item":"https:\/\/www.diasporaportuguesa.org\/en\/"},{"@type":"ListItem","position":2,"name":"Ant\u00f3nio Brochado Correia"}]},{"@type":"WebSite","@id":"https:\/\/www.diasporaportuguesa.org\/#website","url":"https:\/\/www.diasporaportuguesa.org\/","name":"Conselho da Di\u00e1spora Portuguesa","description":"Conselho da Di\u00e1spora Portuguesa","publisher":{"@id":"https:\/\/www.diasporaportuguesa.org\/#organization"},"potentialAction":[{"@type":"SearchAction","target":{"@type":"EntryPoint","urlTemplate":"https:\/\/www.diasporaportuguesa.org\/?s={search_term_string}"},"query-input":"required name=search_term_string"}],"inLanguage":"en-US"},{"@type":"Organization","@id":"https:\/\/www.diasporaportuguesa.org\/#organization","name":"Conselho da Di\u00e1spora Portuguesa","url":"https:\/\/www.diasporaportuguesa.org\/","logo":{"@type":"ImageObject","inLanguage":"en-US","@id":"https:\/\/www.diasporaportuguesa.org\/#\/schema\/logo\/image\/","url":"https:\/\/www.diasporaportuguesa.org\/wp-content\/uploads\/2022\/11\/conselho-diaspora-portuguesa.png","contentUrl":"https:\/\/www.diasporaportuguesa.org\/wp-content\/uploads\/2022\/11\/conselho-diaspora-portuguesa.png","width":735,"height":216,"caption":"Conselho da Di\u00e1spora Portuguesa"},"image":{"@id":"https:\/\/www.diasporaportuguesa.org\/#\/schema\/logo\/image\/"},"sameAs":["https:\/\/twitter.com\/CdDiaspora","https:\/\/www.linkedin.com\/company\/conselho-da-diaspora-portuguesa\/","https:\/\/www.youtube.com\/channel\/UCEI8qERhtqzV1UgdITBo6rw\/videos"]}]}},"_links":{"self":[{"href":"https:\/\/www.diasporaportuguesa.org\/en\/wp-json\/wp\/v2\/perfis\/14148"}],"collection":[{"href":"https:\/\/www.diasporaportuguesa.org\/en\/wp-json\/wp\/v2\/perfis"}],"about":[{"href":"https:\/\/www.diasporaportuguesa.org\/en\/wp-json\/wp\/v2\/types\/perfis"}],"author":[{"embeddable":true,"href":"https:\/\/www.diasporaportuguesa.org\/en\/wp-json\/wp\/v2\/users\/1"}],"wp:featuredmedia":[{"embeddable":true,"href":"https:\/\/www.diasporaportuguesa.org\/en\/wp-json\/wp\/v2\/media\/14043"}],"wp:attachment":[{"href":"https:\/\/www.diasporaportuguesa.org\/en\/wp-json\/wp\/v2\/media?parent=14148"}],"wp:term":[{"taxonomy":"grupo","embeddable":true,"href":"https:\/\/www.diasporaportuguesa.org\/en\/wp-json\/wp\/v2\/grupo?post=14148"}],"curies":[{"name":"wp","href":"https:\/\/api.w.org\/{rel}","templated":true}]}}