{"id":23000,"date":"2024-12-06T01:07:36","date_gmt":"2024-12-06T01:07:36","guid":{"rendered":"https:\/\/www.diasporaportuguesa.org\/?post_type=perfis&#038;p=23000"},"modified":"2025-11-04T11:04:27","modified_gmt":"2025-11-04T11:04:27","slug":"elder-marques","status":"publish","type":"perfis","link":"https:\/\/www.diasporaportuguesa.org\/en\/profile\/elder-marques\/","title":{"rendered":"\u00c9lder Carvalho Marques"},"content":{"rendered":"\n<p>\u00c9lder Marques is a lawyer and community leader in Ottawa, Canada, where he lives with his wife and three children. A former political advisor to Prime Minister Justin Trudeau, he is now a partner at Blake, Cassels &amp; Graydon LLP, one of Canada\u2019s oldest and most prestigious law firms. He specializes in areas including litigation, public law, and foreign investment.<\/p>\n\n\n\n<p>\u00c9lder was educated at the University of Ottawa, the London School of Economics and Political Science (LSE), and the University of Toronto. Early in his legal career, he served as principal law clerk to the Chief Justice of Canada at the Supreme Court of Canada. He was called to the Ontario Bar in 2006 and began his legal practice at McCarthy T\u00e9trault LLP, where he became a partner in 2013.<\/p>\n\n\n\n<p>Between 2016 and 2020, \u00c9lder served the Government of Canada as Senior Advisor to the Prime Minister and Chief of Staff to both the Minister of Finance and the Minister of Innovation, Science, and Economic Development.<\/p>\n\n\n\n<p>He currently serves on the Board of Directors of Bruy\u00e8re Hospital in Ottawa and on the Advisory Board for the Ottawa Region organized by the Embassy of Portugal.<\/p>\n\n\n\n<p>His leadership has earned him numerous awards and honors, including the Order of Cam\u00f5es Commendation, the Sir James Woods Award, and the Excellence in Professional Achievement Award from the Federation of Portuguese-Canadian Business and Professionals.<\/p>\n\n\n\n<p>\u00c9lder Marques has been a member of the Portuguese Diaspora Council since December 2024. <\/p>\n","protected":false},"author":10,"featured_media":25690,"template":"","meta":[],"grupo":[281],"acf":[],"yoast_head":"<!-- This site is optimized with the Yoast SEO plugin v21.3 - https:\/\/yoast.com\/wordpress\/plugins\/seo\/ -->\n<title>\u00c9lder Carvalho Marques - Conselho da Di\u00e1spora Portuguesa<\/title>\n<meta name=\"robots\" content=\"index, follow, max-snippet:-1, max-image-preview:large, max-video-preview:-1\" \/>\n<link rel=\"canonical\" href=\"https:\/\/www.diasporaportuguesa.org\/en\/profile\/elder-marques\/\" \/>\n<meta property=\"og:locale\" content=\"en_US\" \/>\n<meta property=\"og:type\" content=\"article\" \/>\n<meta property=\"og:title\" content=\"\u00c9lder Carvalho Marques - Conselho da Di\u00e1spora Portuguesa\" \/>\n<meta property=\"og:description\" content=\"\u00c9lder Marques is a lawyer and community leader in Ottawa, Canada, where he lives with his wife and three children. A former political advisor to Prime Minister Justin Trudeau, he is now a partner at Blake, Cassels &amp; Graydon LLP, one of Canada\u2019s oldest and most prestigious law firms. He specializes in areas including litigation,...\" \/>\n<meta property=\"og:url\" content=\"https:\/\/www.diasporaportuguesa.org\/en\/profile\/elder-marques\/\" \/>\n<meta property=\"og:site_name\" content=\"Conselho da Di\u00e1spora Portuguesa\" \/>\n<meta property=\"article:modified_time\" content=\"2025-11-04T11:04:27+00:00\" \/>\n<meta property=\"og:image\" content=\"https:\/\/www.diasporaportuguesa.org\/wp-content\/uploads\/2024\/12\/Marques-Elder-Mar25-Teaser-e1762254257839.webp\" \/>\n\t<meta property=\"og:image:width\" content=\"474\" \/>\n\t<meta property=\"og:image:height\" content=\"365\" \/>\n\t<meta property=\"og:image:type\" content=\"image\/webp\" \/>\n<meta name=\"twitter:card\" content=\"summary_large_image\" \/>\n<meta name=\"twitter:site\" content=\"@CdDiaspora\" \/>\n<meta name=\"twitter:label1\" content=\"Est. reading time\" \/>\n\t<meta name=\"twitter:data1\" content=\"2 minutes\" \/>\n<script type=\"application\/ld+json\" class=\"yoast-schema-graph\">{\"@context\":\"https:\/\/schema.org\",\"@graph\":[{\"@type\":\"WebPage\",\"@id\":\"https:\/\/www.diasporaportuguesa.org\/en\/profile\/elder-marques\/\",\"url\":\"https:\/\/www.diasporaportuguesa.org\/en\/profile\/elder-marques\/\",\"name\":\"\u00c9lder Carvalho Marques - Conselho da Di\u00e1spora Portuguesa\",\"isPartOf\":{\"@id\":\"https:\/\/www.diasporaportuguesa.org\/#website\"},\"datePublished\":\"2024-12-06T01:07:36+00:00\",\"dateModified\":\"2025-11-04T11:04:27+00:00\",\"breadcrumb\":{\"@id\":\"https:\/\/www.diasporaportuguesa.org\/en\/profile\/elder-marques\/#breadcrumb\"},\"inLanguage\":\"en-US\",\"potentialAction\":[{\"@type\":\"ReadAction\",\"target\":[\"https:\/\/www.diasporaportuguesa.org\/en\/profile\/elder-marques\/\"]}]},{\"@type\":\"BreadcrumbList\",\"@id\":\"https:\/\/www.diasporaportuguesa.org\/en\/profile\/elder-marques\/#breadcrumb\",\"itemListElement\":[{\"@type\":\"ListItem\",\"position\":1,\"name\":\"In\u00edcio\",\"item\":\"https:\/\/www.diasporaportuguesa.org\/en\/\"},{\"@type\":\"ListItem\",\"position\":2,\"name\":\"\u00c9lder Carvalho Marques\"}]},{\"@type\":\"WebSite\",\"@id\":\"https:\/\/www.diasporaportuguesa.org\/#website\",\"url\":\"https:\/\/www.diasporaportuguesa.org\/\",\"name\":\"Conselho da Di\u00e1spora Portuguesa\",\"description\":\"Conselho da Di\u00e1spora Portuguesa\",\"publisher\":{\"@id\":\"https:\/\/www.diasporaportuguesa.org\/#organization\"},\"potentialAction\":[{\"@type\":\"SearchAction\",\"target\":{\"@type\":\"EntryPoint\",\"urlTemplate\":\"https:\/\/www.diasporaportuguesa.org\/?s={search_term_string}\"},\"query-input\":\"required name=search_term_string\"}],\"inLanguage\":\"en-US\"},{\"@type\":\"Organization\",\"@id\":\"https:\/\/www.diasporaportuguesa.org\/#organization\",\"name\":\"Conselho da Di\u00e1spora Portuguesa\",\"url\":\"https:\/\/www.diasporaportuguesa.org\/\",\"logo\":{\"@type\":\"ImageObject\",\"inLanguage\":\"en-US\",\"@id\":\"https:\/\/www.diasporaportuguesa.org\/#\/schema\/logo\/image\/\",\"url\":\"https:\/\/www.diasporaportuguesa.org\/wp-content\/uploads\/2022\/11\/conselho-diaspora-portuguesa.png\",\"contentUrl\":\"https:\/\/www.diasporaportuguesa.org\/wp-content\/uploads\/2022\/11\/conselho-diaspora-portuguesa.png\",\"width\":735,\"height\":216,\"caption\":\"Conselho da Di\u00e1spora Portuguesa\"},\"image\":{\"@id\":\"https:\/\/www.diasporaportuguesa.org\/#\/schema\/logo\/image\/\"},\"sameAs\":[\"https:\/\/twitter.com\/CdDiaspora\",\"https:\/\/www.linkedin.com\/company\/conselho-da-diaspora-portuguesa\/\",\"https:\/\/www.youtube.com\/channel\/UCEI8qERhtqzV1UgdITBo6rw\/videos\"]}]}<\/script>\n<!-- \/ Yoast SEO plugin. -->","yoast_head_json":{"title":"\u00c9lder Carvalho Marques - Conselho da Di\u00e1spora Portuguesa","robots":{"index":"index","follow":"follow","max-snippet":"max-snippet:-1","max-image-preview":"max-image-preview:large","max-video-preview":"max-video-preview:-1"},"canonical":"https:\/\/www.diasporaportuguesa.org\/en\/profile\/elder-marques\/","og_locale":"en_US","og_type":"article","og_title":"\u00c9lder Carvalho Marques - Conselho da Di\u00e1spora Portuguesa","og_description":"\u00c9lder Marques is a lawyer and community leader in Ottawa, Canada, where he lives with his wife and three children. A former political advisor to Prime Minister Justin Trudeau, he is now a partner at Blake, Cassels &amp; Graydon LLP, one of Canada\u2019s oldest and most prestigious law firms. He specializes in areas including litigation,...","og_url":"https:\/\/www.diasporaportuguesa.org\/en\/profile\/elder-marques\/","og_site_name":"Conselho da Di\u00e1spora Portuguesa","article_modified_time":"2025-11-04T11:04:27+00:00","og_image":[{"width":474,"height":365,"url":"https:\/\/www.diasporaportuguesa.org\/wp-content\/uploads\/2024\/12\/Marques-Elder-Mar25-Teaser-e1762254257839.webp","type":"image\/webp"}],"twitter_card":"summary_large_image","twitter_site":"@CdDiaspora","twitter_misc":{"Est. reading time":"2 minutes"},"schema":{"@context":"https:\/\/schema.org","@graph":[{"@type":"WebPage","@id":"https:\/\/www.diasporaportuguesa.org\/en\/profile\/elder-marques\/","url":"https:\/\/www.diasporaportuguesa.org\/en\/profile\/elder-marques\/","name":"\u00c9lder Carvalho Marques - Conselho da Di\u00e1spora Portuguesa","isPartOf":{"@id":"https:\/\/www.diasporaportuguesa.org\/#website"},"datePublished":"2024-12-06T01:07:36+00:00","dateModified":"2025-11-04T11:04:27+00:00","breadcrumb":{"@id":"https:\/\/www.diasporaportuguesa.org\/en\/profile\/elder-marques\/#breadcrumb"},"inLanguage":"en-US","potentialAction":[{"@type":"ReadAction","target":["https:\/\/www.diasporaportuguesa.org\/en\/profile\/elder-marques\/"]}]},{"@type":"BreadcrumbList","@id":"https:\/\/www.diasporaportuguesa.org\/en\/profile\/elder-marques\/#breadcrumb","itemListElement":[{"@type":"ListItem","position":1,"name":"In\u00edcio","item":"https:\/\/www.diasporaportuguesa.org\/en\/"},{"@type":"ListItem","position":2,"name":"\u00c9lder Carvalho Marques"}]},{"@type":"WebSite","@id":"https:\/\/www.diasporaportuguesa.org\/#website","url":"https:\/\/www.diasporaportuguesa.org\/","name":"Conselho da Di\u00e1spora Portuguesa","description":"Conselho da Di\u00e1spora Portuguesa","publisher":{"@id":"https:\/\/www.diasporaportuguesa.org\/#organization"},"potentialAction":[{"@type":"SearchAction","target":{"@type":"EntryPoint","urlTemplate":"https:\/\/www.diasporaportuguesa.org\/?s={search_term_string}"},"query-input":"required name=search_term_string"}],"inLanguage":"en-US"},{"@type":"Organization","@id":"https:\/\/www.diasporaportuguesa.org\/#organization","name":"Conselho da Di\u00e1spora Portuguesa","url":"https:\/\/www.diasporaportuguesa.org\/","logo":{"@type":"ImageObject","inLanguage":"en-US","@id":"https:\/\/www.diasporaportuguesa.org\/#\/schema\/logo\/image\/","url":"https:\/\/www.diasporaportuguesa.org\/wp-content\/uploads\/2022\/11\/conselho-diaspora-portuguesa.png","contentUrl":"https:\/\/www.diasporaportuguesa.org\/wp-content\/uploads\/2022\/11\/conselho-diaspora-portuguesa.png","width":735,"height":216,"caption":"Conselho da Di\u00e1spora Portuguesa"},"image":{"@id":"https:\/\/www.diasporaportuguesa.org\/#\/schema\/logo\/image\/"},"sameAs":["https:\/\/twitter.com\/CdDiaspora","https:\/\/www.linkedin.com\/company\/conselho-da-diaspora-portuguesa\/","https:\/\/www.youtube.com\/channel\/UCEI8qERhtqzV1UgdITBo6rw\/videos"]}]}},"_links":{"self":[{"href":"https:\/\/www.diasporaportuguesa.org\/en\/wp-json\/wp\/v2\/perfis\/23000"}],"collection":[{"href":"https:\/\/www.diasporaportuguesa.org\/en\/wp-json\/wp\/v2\/perfis"}],"about":[{"href":"https:\/\/www.diasporaportuguesa.org\/en\/wp-json\/wp\/v2\/types\/perfis"}],"author":[{"embeddable":true,"href":"https:\/\/www.diasporaportuguesa.org\/en\/wp-json\/wp\/v2\/users\/10"}],"wp:featuredmedia":[{"embeddable":true,"href":"https:\/\/www.diasporaportuguesa.org\/en\/wp-json\/wp\/v2\/media\/25690"}],"wp:attachment":[{"href":"https:\/\/www.diasporaportuguesa.org\/en\/wp-json\/wp\/v2\/media?parent=23000"}],"wp:term":[{"taxonomy":"grupo","embeddable":true,"href":"https:\/\/www.diasporaportuguesa.org\/en\/wp-json\/wp\/v2\/grupo?post=23000"}],"curies":[{"name":"wp","href":"https:\/\/api.w.org\/{rel}","templated":true}]}}